{"id":149,"date":"2020-04-06T09:04:08","date_gmt":"2020-04-06T07:04:08","guid":{"rendered":"https:\/\/haarschneiderfranz.at\/shop\/?post_type=product&#038;p=149"},"modified":"2026-01-14T11:35:18","modified_gmt":"2026-01-14T10:35:18","slug":"alchemic-conditioner-silver","status":"publish","type":"product","link":"https:\/\/haarschneiderfranz.at\/shop\/produkt\/alchemic-conditioner-silver\/","title":{"rendered":"ALCHEMIC CONDITIONER SILVER"},"content":{"rendered":"","protected":false},"excerpt":{"rendered":"<p>Farbconditioner, jetzt noch effektiver dank seiner neuen, biologisch abbaubaren und nat\u00fcrlichen Formel mit einer hohen Konzentration an reinen Pigmenten. Er wird empfohlen, um naturbelassenes oder kosmetisches platinblondes, graues oder weisses Haar zu intensivieren.<\/p>\n<ul>\n<li>Verst\u00e4rkt nat\u00fcrliche und kosmetische Farben<\/li>\n<li>Erh\u00e4lt die Brillanz der Farben<\/li>\n<li>Sorgt f\u00fcr einen hohen Konditionierungseffekt<\/li>\n<li>Ohne Parabene und Silikone<\/li>\n<\/ul>\n<p><strong>ANWENDUNG:<\/strong><br \/>\nTragen Sie eine geeignete Menge gleichm\u00e4ssig auf das gewaschene, noch feuchte Haar auf. 5 bis 8 Minuten einwirken lassen, durchk\u00e4mmen und dann absp\u00fclen.<\/p>\n","protected":false},"featured_media":150,"template":"","meta":{"spay_email":""},"product_brand":[],"product_cat":[51],"product_tag":[],"class_list":{"0":"post-149","1":"product","2":"type-product","3":"status-publish","4":"has-post-thumbnail","6":"product_cat-pflege","7":"pa_brand-davines","9":"first","10":"instock","11":"taxable","12":"shipping-taxable","13":"purchasable","14":"product-type-simple"},"_links":{"self":[{"href":"https:\/\/haarschneiderfranz.at\/shop\/wp-json\/wp\/v2\/product\/149","targetHints":{"allow":["GET"]}}],"collection":[{"href":"https:\/\/haarschneiderfranz.at\/shop\/wp-json\/wp\/v2\/product"}],"about":[{"href":"https:\/\/haarschneiderfranz.at\/shop\/wp-json\/wp\/v2\/types\/product"}],"wp:featuredmedia":[{"embeddable":true,"href":"https:\/\/haarschneiderfranz.at\/shop\/wp-json\/wp\/v2\/media\/150"}],"wp:attachment":[{"href":"https:\/\/haarschneiderfranz.at\/shop\/wp-json\/wp\/v2\/media?parent=149"}],"wp:term":[{"taxonomy":"product_brand","embeddable":true,"href":"https:\/\/haarschneiderfranz.at\/shop\/wp-json\/wp\/v2\/product_brand?post=149"},{"taxonomy":"product_cat","embeddable":true,"href":"https:\/\/haarschneiderfranz.at\/shop\/wp-json\/wp\/v2\/product_cat?post=149"},{"taxonomy":"product_tag","embeddable":true,"href":"https:\/\/haarschneiderfranz.at\/shop\/wp-json\/wp\/v2\/product_tag?post=149"}],"curies":[{"name":"wp","href":"https:\/\/api.w.org\/{rel}","templated":true}]}}